{"id":1295,"date":"2025-11-11T14:56:20","date_gmt":"2025-11-11T13:56:20","guid":{"rendered":"https:\/\/harmonia-zmyslow.pl\/?page_id=1295"},"modified":"2025-11-11T15:04:26","modified_gmt":"2025-11-11T14:04:26","slug":"dermapen4-0","status":"publish","type":"page","link":"https:\/\/harmonia-zmyslow.pl\/index.php\/dermapen4-0\/","title":{"rendered":"dermapen4.0"},"content":{"rendered":"<p>[et_pb_section fb_built=&#8221;1&#8243; fullwidth=&#8221;on&#8221; _builder_version=&#8221;4.23.3&#8243; _module_preset=&#8221;default&#8221; global_colors_info=&#8221;{}&#8221; theme_builder_area=&#8221;post_content&#8221;][et_pb_fullwidth_header _builder_version=&#8221;4.23.3&#8243; _module_preset=&#8221;default&#8221; background_color=&#8221;#008e58&#8243; custom_margin=&#8221;||-45px|||&#8221; custom_padding=&#8221;50px|||||&#8221; global_colors_info=&#8221;{}&#8221; theme_builder_area=&#8221;post_content&#8221;][\/et_pb_fullwidth_header][\/et_pb_section][et_pb_section fb_built=&#8221;1&#8243; _builder_version=&#8221;4.23.3&#8243; _module_preset=&#8221;default&#8221; min_height=&#8221;225.1px&#8221; global_colors_info=&#8221;{}&#8221; theme_builder_area=&#8221;post_content&#8221;][et_pb_row _builder_version=&#8221;4.23.3&#8243; _module_preset=&#8221;default&#8221; custom_padding=&#8221;0px|||||&#8221; global_colors_info=&#8221;{}&#8221; theme_builder_area=&#8221;post_content&#8221;][et_pb_column type=&#8221;4_4&#8243; _builder_version=&#8221;4.23.3&#8243; _module_preset=&#8221;default&#8221; global_colors_info=&#8221;{}&#8221; theme_builder_area=&#8221;post_content&#8221;][et_pb_text _builder_version=&#8221;4.23.3&#8243; _module_preset=&#8221;default&#8221; hover_enabled=&#8221;0&#8243; global_colors_info=&#8221;{}&#8221; theme_builder_area=&#8221;post_content&#8221; sticky_enabled=&#8221;0&#8243;]<\/p>\n<h2 data-start=\"172\" data-end=\"243\">Dermapen 4.0<\/h2>\n<p>to urz\u0105dzenie do mezoterapii mikroig\u0142owej stymuluj\u0105ce produkcj\u0119 kolagenu i elastyny poprzez precyzyjne, pulsacyjne mikronak\u0142uwanie sk\u00f3ry, co prowadzi do jej regeneracji, uj\u0119drnienia i odm\u0142odzenia. Zabieg jest wszechstronny, skuteczny w redukcji blizn, zmarszczek i rozst\u0119p\u00f3w, a dzi\u0119ki nowoczesnej technologii zabieg jest szybki i bezpieczny dla r\u00f3\u017cnych typ\u00f3w sk\u00f3ry.\u00a0<\/p>\n<p>[\/et_pb_text][\/et_pb_column][\/et_pb_row][\/et_pb_section][et_pb_section fb_built=&#8221;1&#8243; fullwidth=&#8221;on&#8221; _builder_version=&#8221;4.23.3&#8243; _module_preset=&#8221;default&#8221; global_colors_info=&#8221;{}&#8221; theme_builder_area=&#8221;post_content&#8221;][et_pb_fullwidth_image src=&#8221;http:\/\/harmonia-zmyslow.pl\/wp-content\/uploads\/2025\/10\/0377fa6c-5474-4f42-9942-0f8fa552bd5f.jpg&#8221; _builder_version=&#8221;4.23.3&#8243; _module_preset=&#8221;default&#8221; min_height=&#8221;50px&#8221; custom_margin=&#8221;-4px|||||&#8221; hover_enabled=&#8221;0&#8243; global_colors_info=&#8221;{}&#8221; theme_builder_area=&#8221;post_content&#8221; title_text=&#8221;Justyna&#8221; sticky_enabled=&#8221;0&#8243;][\/et_pb_fullwidth_image][\/et_pb_section][et_pb_section fb_built=&#8221;1&#8243; _builder_version=&#8221;4.23.3&#8243; _module_preset=&#8221;default&#8221; custom_padding=&#8221;0px||0px|||&#8221; global_colors_info=&#8221;{}&#8221; theme_builder_area=&#8221;post_content&#8221;][et_pb_row _builder_version=&#8221;4.23.3&#8243; _module_preset=&#8221;default&#8221; min_height=&#8221;237px&#8221; global_colors_info=&#8221;{}&#8221; theme_builder_area=&#8221;post_content&#8221;][et_pb_column type=&#8221;4_4&#8243; _builder_version=&#8221;4.23.3&#8243; _module_preset=&#8221;default&#8221; global_colors_info=&#8221;{}&#8221; theme_builder_area=&#8221;post_content&#8221;][et_pb_text _builder_version=&#8221;4.23.3&#8243; _module_preset=&#8221;default&#8221; hover_enabled=&#8221;0&#8243; global_colors_info=&#8221;{}&#8221; theme_builder_area=&#8221;post_content&#8221; sticky_enabled=&#8221;0&#8243;]<\/p>\n<h2 data-start=\"707\" data-end=\"746\">Jak dzia\u0142a peeling dermapen 4.0?<strong data-start=\"751\" data-end=\"779\"><\/strong><\/h2>\n<p>1. Mikronak\u0142ucia:\u00a0Urz\u0105dzenie tworzy tysi\u0105ce mikrokanalik\u00f3w w sk\u00f3rze, pobudzaj\u0105c jej naturalne procesy regeneracyjne.<\/p>\n<p>2. Stymulacja kolagenu:\u00a0Te mikrouszkodzenia inicjuj\u0105 intensywn\u0105 produkcj\u0119 kolagenu, elastyny i kwasu hialuronowego, co prowadzi do przebudowy sk\u00f3ry.<\/p>\n<p>3. Penetracja substancji aktywnych:\u00a0W trakcie zabiegu wprowadzane s\u0105 od\u017cywcze i regeneruj\u0105ce preparaty, kt\u00f3re dzi\u0119ki mikronak\u0142uciom g\u0142\u0119biej penetruj\u0105 sk\u00f3r\u0119.<\/p>\n<p>Na czym polega zabieg?<\/p>\n<ul>\n<li>Zabieg wykonywany jest za pomoc\u0105 jednorazowej sterylnie zapakowanej g\u0142owicy z 16 sterylnymi molibdenowymi igie\u0142kami, kt\u00f3re pulsuj\u0105 z du\u017c\u0105 cz\u0119stotliwo\u015bci\u0105.<\/li>\n<li>G\u0142\u0119boko\u015b\u0107 nak\u0142u\u0107 jest precyzyjnie dostosowywana (od 0,5 do 3 mm) do<span class=\"Apple-converted-space\">\u00a0<\/span><\/li>\n<\/ul>\n<p>&nbsp;<\/p>\n<p>[\/et_pb_text][\/et_pb_column][\/et_pb_row][\/et_pb_section][et_pb_section fb_built=&#8221;1&#8243; fullwidth=&#8221;on&#8221; _builder_version=&#8221;4.23.3&#8243; _module_preset=&#8221;default&#8221; custom_margin=&#8221;-18px|||||&#8221; global_colors_info=&#8221;{}&#8221; theme_builder_area=&#8221;post_content&#8221;][et_pb_fullwidth_header title=&#8221;Dla kogo?&#8221; _builder_version=&#8221;4.23.3&#8243; _module_preset=&#8221;default&#8221; background_color=&#8221;#008e58&#8243; custom_margin=&#8221;-5px|||||&#8221; custom_padding=&#8221;37px|||||&#8221; hover_enabled=&#8221;0&#8243; global_colors_info=&#8221;{}&#8221; theme_builder_area=&#8221;post_content&#8221; sticky_enabled=&#8221;0&#8243;]<\/p>\n<ul>\n<li>Dla os\u00f3b pragn\u0105cych odm\u0142odzi\u0107 sk\u00f3r\u0119: W celu poprawy j\u0119drno\u015bci, elastyczno\u015bci i wyg\u0142adzenia sk\u00f3ry.<\/li>\n<li>\u00a0Dla os\u00f3b borykaj\u0105cych si\u0119 z problemami sk\u00f3rnymi: Skuteczny w redukcji widoczno\u015bci blizn (w tym potr\u0105dzikowych) i rozst\u0119p\u00f3w, a tak\u017ce zmniejszeniu rozszerzonych por\u00f3w.<\/li>\n<li>Dla os\u00f3b z nier\u00f3wnym kolorytem: Zabieg poprawia koloryt sk\u00f3ry i nadaje jej zdrowy, promienny wygl\u0105d.<\/li>\n<li>Dla ka\u017cdego typu sk\u00f3ry: Mo\u017ce by\u0107 stosowany r\u00f3wnie\u017c na sk\u00f3r\u0119 cienk\u0105 i delikatn\u0105, przez ca\u0142y rok, pod warunkiem stosowania fotoprotekcji.\u00a0<\/li>\n<\/ul>\n<p>[\/et_pb_fullwidth_header][\/et_pb_section][et_pb_section fb_built=&#8221;1&#8243; fullwidth=&#8221;on&#8221; _builder_version=&#8221;4.23.3&#8243; _module_preset=&#8221;default&#8221; global_colors_info=&#8221;{}&#8221; theme_builder_area=&#8221;post_content&#8221;][et_pb_fullwidth_header title=&#8221;Efekty i zalety zabiegu&#8221; _builder_version=&#8221;4.23.3&#8243; _module_preset=&#8221;default&#8221; background_color=&#8221;#FFFFFF&#8221; background_layout=&#8221;light&#8221; custom_margin=&#8221;21px|||||&#8221; custom_padding=&#8221;0px||25px|||&#8221; hover_enabled=&#8221;0&#8243; global_colors_info=&#8221;{}&#8221; theme_builder_area=&#8221;post_content&#8221; sticky_enabled=&#8221;0&#8243;]<\/p>\n<ul>\n<li data-start=\"1431\" data-end=\"1469\" style=\"text-align: justify;\">J\u0119drno\u015b\u0107 i elastyczno\u015b\u0107: Sk\u00f3ra staje si\u0119 bardziej napi\u0119ta i elastyczna.* Redukcja blizn i rozst\u0119p\u00f3w: Nast\u0119puje sp\u0142ycenie i znaczne zmniejszenie ich widoczno\u015bci.<\/li>\n<li data-start=\"1431\" data-end=\"1469\" style=\"text-align: justify;\">Poprawa kolorytu: Sk\u00f3ra odzyskuje zdrowy, promienny wygl\u0105d.<\/li>\n<li data-start=\"1431\" data-end=\"1469\" style=\"text-align: justify;\">Zmniejszenie por\u00f3w: Widoczno\u015b\u0107 por\u00f3w sk\u00f3rnych jest redukowana.\n<p>&nbsp;<\/p>\n<\/li>\n<\/ul>\n<p data-start=\"1739\" data-end=\"1915\">\n<p data-start=\"1739\" data-end=\"1915\">[\/et_pb_fullwidth_header][et_pb_fullwidth_header title=&#8221;Przeciwskazania&#8221; _builder_version=&#8221;4.23.3&#8243; _module_preset=&#8221;default&#8221; background_color=&#8221;#008e58&#8243; custom_margin=&#8221;-5px|||||&#8221; custom_padding=&#8221;37px|||||&#8221; hover_enabled=&#8221;0&#8243; global_colors_info=&#8221;{}&#8221; theme_builder_area=&#8221;post_content&#8221; sticky_enabled=&#8221;0&#8243;]<\/p>\n<ul>\n<li>Ci\u0105\u017ca i okres karmienia piersi\u0105.<\/li>\n<li>Choroby nowotworowe.<\/li>\n<li>Aktywne infekcje sk\u00f3rne: (np. aktywna opryszczka, zapalny tr\u0105dzik).<\/li>\n<li>Aktywny stan zapalny sk\u00f3ry.<\/li>\n<li>Alergia na sk\u0142adniki preparat\u00f3w stosowanych podczas zabiegu<\/li>\n<\/ul>\n<p>[\/et_pb_fullwidth_header][\/et_pb_section][et_pb_section fb_built=&#8221;1&#8243; _builder_version=&#8221;4.23.3&#8243; _module_preset=&#8221;default&#8221; min_height=&#8221;98px&#8221; custom_padding=&#8221;0px|||||&#8221; global_colors_info=&#8221;{}&#8221; theme_builder_area=&#8221;post_content&#8221;][et_pb_row _builder_version=&#8221;4.23.3&#8243; _module_preset=&#8221;default&#8221; module_alignment=&#8221;center&#8221; global_colors_info=&#8221;{}&#8221; theme_builder_area=&#8221;post_content&#8221;][et_pb_column type=&#8221;4_4&#8243; _builder_version=&#8221;4.23.3&#8243; _module_preset=&#8221;default&#8221; global_colors_info=&#8221;{}&#8221; theme_builder_area=&#8221;post_content&#8221;][et_pb_button button_url=&#8221;tel:+48604156054&#8243; button_text=&#8221;um\u00f3w si\u0119 na wizyt\u0119&#8221; button_alignment=&#8221;center&#8221; _builder_version=&#8221;4.23.3&#8243; _module_preset=&#8221;default&#8221; custom_button=&#8221;on&#8221; button_text_color=&#8221;#FFFFFF&#8221; button_bg_color=&#8221;#008e58&#8243; background_layout=&#8221;dark&#8221; global_colors_info=&#8221;{}&#8221; theme_builder_area=&#8221;post_content&#8221;][\/et_pb_button][\/et_pb_column][\/et_pb_row][\/et_pb_section][et_pb_section fb_built=&#8221;1&#8243; _builder_version=&#8221;4.23.3&#8243; _module_preset=&#8221;default&#8221; custom_margin=&#8221;-101px|||||&#8221; global_colors_info=&#8221;{}&#8221; theme_builder_area=&#8221;post_content&#8221;][et_pb_row column_structure=&#8221;1_2,1_2&#8243; _builder_version=&#8221;4.23.3&#8243; _module_preset=&#8221;default&#8221; global_colors_info=&#8221;{}&#8221; theme_builder_area=&#8221;post_content&#8221;][et_pb_column type=&#8221;1_2&#8243; _builder_version=&#8221;4.23.3&#8243; _module_preset=&#8221;default&#8221; global_colors_info=&#8221;{}&#8221; theme_builder_area=&#8221;post_content&#8221;][et_pb_blurb title=&#8221;czas zabiegu&#8221; use_icon=&#8221;on&#8221; font_icon=&#8221;&#x7d;||divi||400&#8243; icon_color=&#8221;#008e58&#8243; _builder_version=&#8221;4.23.3&#8243; _module_preset=&#8221;default&#8221; header_text_align=&#8221;center&#8221; global_colors_info=&#8221;{}&#8221; theme_builder_area=&#8221;post_content&#8221;]<\/p>\n<p style=\"text-align: center;\">60 min<\/p>\n<p>[\/et_pb_blurb][\/et_pb_column][et_pb_column type=&#8221;1_2&#8243; _builder_version=&#8221;4.23.3&#8243; _module_preset=&#8221;default&#8221; global_colors_info=&#8221;{}&#8221; theme_builder_area=&#8221;post_content&#8221;][et_pb_blurb title=&#8221;cena&#8221; use_icon=&#8221;on&#8221; font_icon=&#8221;&#xe100;||divi||400&#8243; icon_color=&#8221;#008e58&#8243; _builder_version=&#8221;4.23.3&#8243; _module_preset=&#8221;default&#8221; header_text_align=&#8221;center&#8221; hover_enabled=&#8221;0&#8243; global_colors_info=&#8221;{}&#8221; theme_builder_area=&#8221;post_content&#8221; sticky_enabled=&#8221;0&#8243;]<\/p>\n<p style=\"text-align: center;\">twarz z szyj\u0105<strong> <\/strong><\/p>\n<p style=\"text-align: center;\"><strong>600 z\u0142<\/strong><\/p>\n<p style=\"text-align: center;\">\u00a0twarz z szyj\u0105 i dekoltem<\/p>\n<p style=\"text-align: center;\"><strong>1000 z\u0142<\/strong><\/p>\n<p>&nbsp;<\/p>\n<p>[\/et_pb_blurb][\/et_pb_column][\/et_pb_row][\/et_pb_section]<\/p>\n","protected":false},"excerpt":{"rendered":"<p>Dermapen 4.0 to urz\u0105dzenie do mezoterapii mikroig\u0142owej stymuluj\u0105ce produkcj\u0119 kolagenu i elastyny poprzez precyzyjne, pulsacyjne mikronak\u0142uwanie sk\u00f3ry, co prowadzi do jej regeneracji, uj\u0119drnienia i odm\u0142odzenia. Zabieg jest wszechstronny, skuteczny w redukcji blizn, zmarszczek i rozst\u0119p\u00f3w, a dzi\u0119ki nowoczesnej technologii zabieg jest szybki i bezpieczny dla r\u00f3\u017cnych typ\u00f3w sk\u00f3ry.\u00a0Jak dzia\u0142a peeling dermapen 4.0? 1. Mikronak\u0142ucia:\u00a0Urz\u0105dzenie tworzy [&hellip;]<\/p>\n","protected":false},"author":1,"featured_media":0,"parent":0,"menu_order":0,"comment_status":"closed","ping_status":"closed","template":"","meta":{"_et_pb_use_builder":"on","_et_pb_old_content":"","_et_gb_content_width":"","footnotes":""},"_links":{"self":[{"href":"https:\/\/harmonia-zmyslow.pl\/index.php\/wp-json\/wp\/v2\/pages\/1295"}],"collection":[{"href":"https:\/\/harmonia-zmyslow.pl\/index.php\/wp-json\/wp\/v2\/pages"}],"about":[{"href":"https:\/\/harmonia-zmyslow.pl\/index.php\/wp-json\/wp\/v2\/types\/page"}],"author":[{"embeddable":true,"href":"https:\/\/harmonia-zmyslow.pl\/index.php\/wp-json\/wp\/v2\/users\/1"}],"replies":[{"embeddable":true,"href":"https:\/\/harmonia-zmyslow.pl\/index.php\/wp-json\/wp\/v2\/comments?post=1295"}],"version-history":[{"count":4,"href":"https:\/\/harmonia-zmyslow.pl\/index.php\/wp-json\/wp\/v2\/pages\/1295\/revisions"}],"predecessor-version":[{"id":1301,"href":"https:\/\/harmonia-zmyslow.pl\/index.php\/wp-json\/wp\/v2\/pages\/1295\/revisions\/1301"}],"wp:attachment":[{"href":"https:\/\/harmonia-zmyslow.pl\/index.php\/wp-json\/wp\/v2\/media?parent=1295"}],"curies":[{"name":"wp","href":"https:\/\/api.w.org\/{rel}","templated":true}]}}